{"version":"1.0","provider_name":"GastRobertollini","provider_url":"https:\/\/gastrobertollini.cafeblog.hu","author_name":"Rost\u00e1s R\u00f3bert","author_url":"https:\/\/gastrobertollini.cafeblog.hu\/author\/rostas_robert\/","title":"Oreo Cupcake","html":"<p style=\"text-align: center\"><strong>Kedves olvas\u00f3k \u00e9s bar\u00e1tok!<\/strong><\/p>\r\n<p style=\"text-align: center\"><strong>K\u00f6nny\u0171 \u00e9s finom s\u00fcti receptet kerestek? Szeretn\u00e9m nektek most bemutatni az \u00e9n Oreo\u00a0cupcake muffinomat! K\u00f6nny\u0171, finom \u00e9s nem lehet betelni vele! Az elk\u00e9sz\u00edt\u00e9st is fot\u00f3kkal mutatom, ezzel szeretn\u00e9m k\u00f6nnyebb\u00e9 tenni\u00a0\u00e9s meghozni a kedvet a s\u00fct\u00e9shez.<\/strong><\/p>\r\n<p style=\"text-align: center\"><strong>Fot\u00f3k: Domb\u00f3v\u00e1ri Judit, l\u00e1togass el a weboldal\u00e1ra:<\/strong> <a href=\"http:\/\/www.juditdombovari.com\/\" target=\"_blank\">http:\/\/www.juditdombovari.com\/<\/a><\/p>\r\n<p><a href=\"https:\/\/gastrobertollini.cafeblog.hu\/files\/2015\/01\/5723_logo.jpg\"><img class=\"aligncenter wp-image-1432 size-large\" src=\"https:\/\/gastrobertollini.cafeblog.hu\/files\/2015\/01\/5723_logo-600x399.jpg\" alt=\"_gastrobertollini_\" width=\"600\" height=\"399\" \/><\/a><\/p>\r\n<p style=\"text-align: center\"><strong>Hozz\u00e1val\u00f3k:<\/strong><\/p>\r\n<p><strong>T\u00e9szta:<\/strong><\/p>\r\n<ul>\r\n<li>20 dkg liszt<\/li>\r\n<li>4 dkg kaka\u00f3por<\/li>\r\n<li>20 dkg porcukor<\/li>\r\n<li>3\u00a0 csapott te\u00e1skan\u00e1l s\u00fct\u0151por<\/li>\r\n<li>csipet s\u00f3<\/li>\r\n<li>8 dkg vaj<\/li>\r\n<li>240 ml tej<\/li>\r\n<li>2 toj\u00e1s<\/li>\r\n<li>1\/2 te\u00e1skan\u00e1l van\u00edlia kivonat<\/li>\r\n<li>7 db Oreo keksz<\/li>\r\n<\/ul>\r\n<p><strong>Kr\u00e9m:<\/strong><\/p>\r\n<ul>\r\n<li>5 dkg vaj<\/li>\r\n<li>25 dkg mascarpone sajt<\/li>\r\n<li>3 dkg porcukor<\/li>\r\n<li>1 db Oreo keksz kr\u00e9m n\u00e9lk\u00fcl \u00f6sszemorzsolva<\/li>\r\n<\/ul>\r\n<p style=\"text-align: justify\">A s\u00fct\u0151t el\u0151meleg\u00edtj\u00fck 175 fokra,\u00a0ha lehet l\u00e9gkev\u00e9sre.\u00a0B\u00e9lelj\u00fck ki pap\u00edrral a muffin tepsit. Tegy\u00fck a lisztet, cukrot, kaka\u00f3port, s\u00fct\u0151port, a s\u00f3t \u00e9s a vajat egy nagy t\u00e1lba, \u00e9s keverj\u00fck j\u00f3l \u00f6ssze.\u00a0<\/p>\r\n<p style=\"text-align: justify\">Keverj\u00fck \u00f6ssze a tejet, a toj\u00e1st \u00e9s a van\u00edlia kivonatot egy k\u00fcl\u00f6n t\u00e1lban, adjuk az eg\u00e9szet a lisztes kever\u00e9khez \u00e9s robotg\u00e9ppel keverj\u00fck csom\u00f3mentesre. T\u00f6lts\u00fck meg a form\u00e1kat a t\u00e9szt\u00e1val. S\u00fcss\u00fck 20 percig<strong>.<\/strong><\/p>\r\n<p style=\"text-align: justify\">M\u00edg a muffinok s\u00fclnek, elk\u00e9sz\u00edtj\u00fck r\u00e1 a kr\u00e9met. Vegy\u00fcnk 1 db Oreo keksztet\u0151t, ( a bels\u0151 kr\u00e9met adjuk a t\u00f6bbihez) majd morzsoljuk \u00f6ssze. Keverj\u00fck a vajat, a kr\u00e9msajtot \u00e9s a porcukrot \u00f6ssze, majd forgassuk bele a kekszmorzs\u00e1t. Nyomjunk a muffinok tetej\u00e9re egy zs\u00e1kb\u00f3l a kr\u00e9met, majd d\u00edsz\u00edts\u00fck a megmaradt megfelezett kekszekkel. Ha nincs habzs\u00e1kunk, kanalazzuk a kr\u00e9met a muffinok tetej\u00e9re, \u00edgy is t\u00f6k\u00e9letesen finom lesz.<\/p>\r\n<p><a href=\"https:\/\/gastrobertollini.cafeblog.hu\/files\/2015\/01\/gastrobertollini_-5.jpg\"><img class=\"aligncenter wp-image-1434 size-large\" src=\"https:\/\/gastrobertollini.cafeblog.hu\/files\/2015\/01\/gastrobertollini_-5-600x399.jpg\" alt=\"_gastrobertollini_ (5)\" width=\"600\" height=\"399\" \/><\/a><\/p>\r\n<p><a href=\"https:\/\/gastrobertollini.cafeblog.hu\/files\/2015\/01\/gastrobertollini_-2.jpg\"><img class=\"aligncenter wp-image-1435 size-large\" src=\"https:\/\/gastrobertollini.cafeblog.hu\/files\/2015\/01\/gastrobertollini_-2-399x600.jpg\" alt=\"_gastrobertollini_ (2)\" width=\"399\" height=\"600\" \/><\/a><\/p>\r\n<p style=\"text-align: center\"><strong>\u00a0Elk\u00e9sz\u00edt\u00e9s k\u00e9pekbe:<\/strong><\/p>\r\n[caption id=\"attachment_1437\" align=\"aligncenter\" width=\"600\"]<a href=\"https:\/\/gastrobertollini.cafeblog.hu\/files\/2015\/01\/gastrobertollini_-18.jpg\"><img class=\"wp-image-1437 size-large\" src=\"https:\/\/gastrobertollini.cafeblog.hu\/files\/2015\/01\/gastrobertollini_-18-600x450.jpg\" alt=\"_gastrobertollini_ (18)\" width=\"600\" height=\"450\" \/><\/a> Keverj\u00fck \u00f6ssze a sz\u00e1razanyagot a vajjal, verj\u00fck fel kiss\u00e9 a toj\u00e1st a tejben a van\u00edlia kivonattal.[\/caption]\r\n<p>&nbsp;<\/p>\r\n[caption id=\"attachment_1438\" align=\"aligncenter\" width=\"600\"]<a href=\"https:\/\/gastrobertollini.cafeblog.hu\/files\/2015\/01\/gastrobertollini_-19.jpg\"><img class=\"wp-image-1438 size-large\" src=\"https:\/\/gastrobertollini.cafeblog.hu\/files\/2015\/01\/gastrobertollini_-19-600x450.jpg\" alt=\"_gastrobertollini_ (19)\" width=\"600\" height=\"450\" \/><\/a> \u00d6nts\u0171k a sz\u00e1razanyaghoz \u00e9s keverj\u00fck csom\u00f3mentesre-[\/caption]\r\n<p>&nbsp;<\/p>\r\n[caption id=\"attachment_1439\" align=\"aligncenter\" width=\"600\"]<a href=\"https:\/\/gastrobertollini.cafeblog.hu\/files\/2015\/01\/gastrobertollini_-20.jpg\"><img class=\"wp-image-1439 size-large\" src=\"https:\/\/gastrobertollini.cafeblog.hu\/files\/2015\/01\/gastrobertollini_-20-600x450.jpg\" alt=\"_gastrobertollini_ (20)\" width=\"600\" height=\"450\" \/><\/a> R\u00f6vid id\u0151 alatt magas fokozaton![\/caption]\r\n<p>&nbsp;<\/p>\r\n[caption id=\"attachment_1440\" align=\"aligncenter\" width=\"600\"]<a href=\"https:\/\/gastrobertollini.cafeblog.hu\/files\/2015\/01\/gastrobertollini_-21.jpg\"><img class=\"wp-image-1440 size-large\" src=\"https:\/\/gastrobertollini.cafeblog.hu\/files\/2015\/01\/gastrobertollini_-21-600x450.jpg\" alt=\"_gastrobertollini_ (21)\" width=\"600\" height=\"450\" \/><\/a> Ossuk el a pap\u00edrokban \u00e9s s\u00fcss\u00fck 175 fokon 20 percig.[\/caption]\r\n<p>&nbsp;<\/p>\r\n<p><a href=\"https:\/\/gastrobertollini.cafeblog.hu\/files\/2015\/01\/gastrobertollini_-3.jpg\"><img class=\"aligncenter wp-image-1441 size-large\" src=\"https:\/\/gastrobertollini.cafeblog.hu\/files\/2015\/01\/gastrobertollini_-3-399x600.jpg\" alt=\"_gastrobertollini_ (3)\" width=\"399\" height=\"600\" \/><\/a><\/p>","type":"rich","thumbnail_url":"https:\/\/gastrobertollini.cafeblog.hu\/files\/2015\/01\/5723_logo-150x150.jpg","thumbnail_width":150,"thumbnail_height":150}